{"id":1111,"date":"2022-11-18T07:45:10","date_gmt":"2022-11-18T07:45:10","guid":{"rendered":"https:\/\/tade-ac.com\/politica-privacidad\/"},"modified":"2023-05-11T09:04:58","modified_gmt":"2023-05-11T09:04:58","slug":"politica-privacitat","status":"publish","type":"page","link":"https:\/\/tade-ac.com\/ca\/politica-privacitat\/","title":{"rendered":"Pol\u00edtica de Privacitat"},"content":{"rendered":"<h3>Introducci\u00f3<\/h3>\n<p>Aquesta Pol\u00edtica de Privadesa ha estat desenvolupada tenint en compte el que disposa la Llei Org\u00e0nica de Protecci\u00f3 de Dades de car\u00e0cter personal en vigor, aix\u00ed com pel Reglament 2016\/679 del Parlament Europeu i del consell del 27 d&#8217;abril de 2016 relatiu a la protecci\u00f3 de les persones f\u00edsiques pel que fa al tractament de dades personals ia la circulaci\u00f3 d&#8217;aquestes dades, d&#8217;ara endavant el RGPD.<\/p>\n<p>Aquesta Pol\u00edtica de Privadesa t\u00e9 per objecte posar en coneixement dels titulars de les dades personals, respecte dels quals s&#8217;est\u00e0 demanant informaci\u00f3, els aspectes espec\u00edfics relatius al tractament les seves dades, entre altres coses, les finalitats dels tractaments, les dades de contacte per exercir els drets que us assisteixen, els terminis de conservaci\u00f3 de la informaci\u00f3 i les mesures de seguretat entre altres coses.<\/p>\n<p><strong>Responsable del Tractament<\/strong><\/p>\n<p>En termes de protecci\u00f3 de dades T\u00c8CNICS ASSISTENTS AL DISSENY I L&#8217;ENGINYERIA AC I ASSOCIATS, S.L.P., en endavant TADE AC, ha de ser considerat Responsable del Tractament, en relaci\u00f3 amb els fitxers\/tractaments identificats en aquesta pol\u00edtica, concretament en l&#8217;apartat Tractaments de dades.<\/p>\n<p>A continuaci\u00f3, s&#8217;indiquen les dades identificatives del titular del present lloc web:<\/p>\n<p>Responsable del Tractament: T\u00c8CNICS ASSISTENTS AL DISSENY I L\u2019ENGINYERIA AC I ASSOCIATS, S.L.P.<\/p>\n<p>Adre\u00e7a postal: Carrer Gibraltar, 10-20, local 7 de Premi\u00e0 de Mar (Barcelona). Adre\u00e7a electr\u00f2nica: tade-ac@tade-ac.com<\/p>\n<p><strong>Enlla\u00e7os<\/strong><\/p>\n<p>TADE AC no assumeix cap responsabilitat sobre els enlla\u00e7os cap a altres llocs o p\u00e0gines web que, si escau, s&#8217;hi poguessin incloure, ja que no t\u00e9 cap tipus de control sobre els mateixos, per la qual cosa l&#8217;usuari accedeix sota la seva exclusiva responsabilitat al contingut i en les condicions d&#8217;\u00fas que hi regeixin.<\/p>\n<p><strong>Tractaments de dades<\/strong><\/p>\n<p>Les dades de car\u00e0cter personal que se sol\u00b7licitin, si escau, consistiran \u00fanicament en aquelles estrictament imprescindibles per identificar i atendre la sol\u00b7licitud realitzada pel titular dels mateixos, d&#8217;ara endavant l&#8217;interessat. Aquesta informaci\u00f3 ser\u00e0 tractada de manera lleial, l\u00edcita i transparent en relaci\u00f3 amb linteressat. D&#8217;altra banda, les dades personals seran recollides per a finalitats determinades expl\u00edcites i leg\u00edtimes, i no seran tractades ulteriorment de manera amb incompatible amb aquests fins.<\/p>\n<p>Les dades recollides de cada interessat seran adequades, pertinents i no excessives en relaci\u00f3 a les finalitats corresponents per a cada cas, i seran actualitzades sempre que sigui necessari.<\/p>\n<p>El titular de les dades ser\u00e0 informat, amb car\u00e0cter previ a la recollida de les seves dades, dels extrems generals regulats en aquesta pol\u00edtica per tal que pugui prestar el consentiment expr\u00e9s, prec\u00eds i inequ\u00edvoc per al tractament de les seves dades, d&#8217;acord amb les seg\u00fcents aspectes.<\/p>\n<p><strong>Finalitats del tractament<\/strong><\/p>\n<p>Les finalitats expl\u00edcites per a les quals es duen a terme cadascun dels tractaments v\u00e9nen recollides a les cl\u00e0usules informatives incorporades a cadascuna de les vies de presa de dades (formularis web, formularis en paper, locucions o cartells i notes informatives).<\/p>\n<p>No obstant aix\u00f2, les dades de car\u00e0cter personal de l&#8217;interessat seran tractades amb la finalitat exclusiva de proporcionar-los una resposta efectiva i atendre les sol\u00b7licituds practicades per l&#8217;usuari, especificades juntament amb l&#8217;opci\u00f3, el servei, el formulari o el sistema de presa de dades que el titular utilitzi.<\/p>\n<p><strong>Legitimaci\u00f3<\/strong><\/p>\n<p>Per regla general, previ al tractament de les dades personals, TADE AC obt\u00e9 consentiment expr\u00e9s i inequ\u00edvoc del titular d&#8217;aquestes, mitjan\u00e7ant la incorporaci\u00f3 de cl\u00e0usules de consentiment informat als diferents sistemes de recollida d&#8217;informaci\u00f3.<\/p>\n<p>Aix\u00f2 no obstant, en cas que no es requereixi el consentiment de l&#8217;interessat, la base legitimadora del tractament en qu\u00e8 s&#8217;empara TADE AC \u00e9s l&#8217;exist\u00e8ncia d&#8217;una llei o norma espec\u00edfica que autoritzi o exigeixi el tractament el tractament de les dades de l&#8217;interessat.<\/p>\n<p><strong>Destinataris<\/strong><\/p>\n<p>Per regla general, TADE AC no procedeix a la cessi\u00f3 o comunicaci\u00f3 de les dades a terceres entitats, llevat de les requerides legalment, no obstant, en cas que fos necessari, aquestes cessions o comunicacions de dades s&#8217;informen a l&#8217;interessat a trav\u00e9s de les cl\u00e0usules de consentiment informat contingudes a les diferents vies de recollida de dades personals.<\/p>\n<p><strong>Proced\u00e8ncia<\/strong><\/p>\n<p>Per regla general, les dades personals es recullen sempre directament de l&#8217;interessat, no obstant, en determinades excepcions, les dades poden ser recollides a trav\u00e9s de terceres persones, entitats o serveis diferents de l&#8217;interessat. En aquest sentit, aquest extrem ser\u00e0 traslladat a l&#8217;interessat a trav\u00e9s de les cl\u00e0usules de consentiment informat contingudes a les diferents vies de recollida d&#8217;informaci\u00f3 i dins d&#8217;un termini raonable, una vegada obtingudes les dades, i m\u00e9s tard d&#8217;aqu\u00ed a un mes.<\/p>\n<p><strong>Terminis de conservaci\u00f3<\/strong><\/p>\n<p>La informaci\u00f3 demanada de l&#8217;interessat ser\u00e0 conservada mentre sigui necess\u00e0ria per complir amb la finalitat per a la qual van ser recollides les dades personals, de manera que, una vegada complerta la finalitat, les dades seran cancel\u00b7lades. Aquesta cancel\u00b7laci\u00f3 donar\u00e0 lloc al bloqueig de les dades conservant-se \u00fanicament a disposici\u00f3 de les AAPP, jutges i tribunals, per atendre les possibles responsabilitats nascudes del tractament, durant el termini de prescripci\u00f3 d&#8217;aquestes, complert el termini esmentat es procedir\u00e0 a la destrucci\u00f3 de la informaci\u00f3 .<br \/>\nA t\u00edtol informatiu, a continuaci\u00f3 es recullen els terminis legals de conservaci\u00f3 de la informaci\u00f3 en relaci\u00f3 amb diferents mat\u00e8ries:<\/p>\n<table style=\"width: 100.0%; background: white;\" width=\"100%\">\n<tbody>\n<tr>\n<td style=\"width: 34.66%; padding: 0cm 0cm 0cm 0cm;\" width=\"34%\">\n<p style=\"margin-bottom: .0001pt; text-align: center; line-height: normal;\">DOCUMENT<\/p>\n<\/td>\n<td style=\"width: 21.1%; padding: 0cm 0cm 0cm 0cm;\" width=\"21%\">\n<p style=\"margin-bottom: .0001pt; text-align: center; line-height: normal;\">TERMINI<\/p>\n<\/td>\n<td style=\"width: 42.86%; padding: 0cm 0cm 0cm 0cm;\" width=\"42%\">\n<p style=\"margin-bottom: .0001pt; text-align: center; line-height: normal;\">REF.\u00a0 LEGAL<\/p>\n<\/td>\n<\/tr>\n<tr>\n<td style=\"width: 34.66%; padding: 0cm 0cm 0cm 0cm;\" width=\"34%\">\n<p style=\"margin-bottom: .0001pt; text-align: left; line-height: normal;\">Documentaci\u00f3 de car\u00e0cter laboral o relacionada amb la seguretat social<\/p>\n<\/td>\n<td style=\"width: 21.1%; padding: 0cm 0cm 0cm 0cm;\" width=\"21%\">\n<p style=\"margin-bottom: .0001pt; text-align: center; line-height: normal;\">4 anys<\/p>\n<\/td>\n<td style=\"width: 42.86%; padding: 0cm 0cm 0cm 0cm;\" width=\"42%\">Article 21 del Reial Decret Legislatiu 5\/2000, de 4 d&#8217;agost, pel qual s&#8217;aprova el text ref\u00f3s de la Llei sobre Infraccions i Sancions a l&#8217;Ordre Social<\/td>\n<\/tr>\n<tr>\n<td style=\"width: 34.66%; padding: 0cm 0cm 0cm 0cm;\" width=\"34%\">Documentaci\u00f3 comptable i fiscal a efectes mercantils<\/td>\n<td style=\"width: 21.1%; padding: 0cm 0cm 0cm 0cm;\" width=\"21%\">\n<p style=\"margin-bottom: .0001pt; text-align: center; line-height: normal;\">6 anys<\/p>\n<\/td>\n<td style=\"width: 42.86%; padding: 0cm 0cm 0cm 0cm;\" width=\"42%\">Art. 30 Codi Comer\u00e7<\/td>\n<\/tr>\n<tr>\n<td style=\"width: 34.66%; padding: 0cm 0cm 0cm 0cm;\" width=\"34%\">Documentaci\u00f3 comptable i fiscal a efectes fiscals<\/td>\n<td style=\"width: 21.1%; padding: 0cm 0cm 0cm 0cm;\" width=\"21%\">\n<p style=\"margin-bottom: .0001pt; text-align: center; line-height: normal;\">4 anys<\/p>\n<\/td>\n<td style=\"width: 42.86%; padding: 0cm 0cm 0cm 0cm;\" width=\"42%\">Articles 66 a 70 Llei General Tribut\u00e0ria<\/td>\n<\/tr>\n<tr>\n<td style=\"width: 34.66%; padding: 0cm 0cm 0cm 0cm;\" width=\"34%\">Control d&#8217;accessos a edificis<\/td>\n<td style=\"width: 21.1%; padding: 0cm 0cm 0cm 0cm;\" width=\"21%\">\n<p style=\"margin-bottom: .0001pt; text-align: center; line-height: normal;\">1 mes<\/p>\n<\/td>\n<td style=\"width: 42.86%; padding: 0cm 0cm 0cm 0cm;\" width=\"42%\">Instrucci\u00f3 1\/1996 de l&#8217;AEPD<\/td>\n<\/tr>\n<tr>\n<td style=\"width: 34.66%; padding: 0cm 0cm 0cm 0cm;\" width=\"34%\">Videovigil\u00e0ncia<\/td>\n<td style=\"width: 21.1%; padding: 0cm 0cm 0cm 0cm;\" width=\"21%\">\n<p style=\"margin-bottom: .0001pt; text-align: center; line-height: normal;\">1 mes<\/p>\n<\/td>\n<td style=\"width: 42.86%; padding: 0cm 0cm 0cm 0cm;\" width=\"42%\">Instrucci\u00f3 1\/2006 de l&#8217;AEPD<\/p>\n<p>Llei Org\u00e0nica 4\/1997<\/td>\n<\/tr>\n<\/tbody>\n<\/table>\n<p><strong>Dades de navegaci\u00f3.<\/strong><\/p>\n<p>Pel que fa a les dades de navegaci\u00f3 que es puguin tractar a trav\u00e9s del lloc web, en cas que es recullin dades sotmeses a la normativa, es recomana consultar la Pol\u00edtica de Cookies publicada al nostre lloc web.<\/p>\n<p><strong>Drets dels interessats.<\/strong><\/p>\n<p>La normativa en mat\u00e8ria de protecci\u00f3 de dades atorga una s\u00e8rie de drets als interessats o titulars de les dades, els usuaris del lloc web o els usuaris dels perfils de les xarxes socials de TADE AC.<\/p>\n<p>Aquests drets que assisteixen a les persones interessades s\u00f3n els seg\u00fcents:<\/p>\n<ul>\n<li>Dret d&#8217;acc\u00e9s: dret a obtenir informaci\u00f3 sobre si les vostres pr\u00f2pies dades estan sent objecte de tractament, la finalitat del tractament que s&#8217;estigui realitzant, les categories de dades que es tracti, els destinataris o categories de destinataris, el termini de conservaci\u00f3 i l&#8217;origen d&#8217;aquestes dades.<\/li>\n<li>Dret de rectificaci\u00f3: dret a obtenir la rectificaci\u00f3 de les dades personals inexactes o incompletes.<\/li>\n<li>Dret de supressi\u00f3: dret a obtenir la supressi\u00f3 de les dades en els sup\u00f2sits seg\u00fcents:\n<ul>\n<li>Quan les dades ja no siguin necess\u00e0ries per a la finalitat per a la qual van ser recollides.<\/li>\n<li>Quan el titular dels mateixos retiri el consentiment.<\/li>\n<li>Quan linteressat soposi al tractament.<\/li>\n<li>Quan s&#8217;hagin de suprimir en compliment d&#8217;una obligaci\u00f3 legal.<\/li>\n<li>Quan les dades s&#8217;hagin obtingut en virtut d&#8217;un servei de societat de la informaci\u00f3 sobre la base del que disposa l&#8217;art. 8 apt. 1 del Reglament Europeu sobre Protecci\u00f3 de dades.<\/li>\n<\/ul>\n<\/li>\n<li>Dret d&#8217;oposici\u00f3: dret a oposar-se a un tractament determinat basat en el consentiment de l&#8217;interessat.<\/li>\n<li>Dret de limitaci\u00f3: dret a obtenir la limitaci\u00f3 del tractament de les dades quan es doni algun dels sup\u00f2sits seg\u00fcents:\n<ul>\n<li>Quan l&#8217;interessat impugni l&#8217;exactitud de les dades personals, durant un termini que permeti a l&#8217;empresa verificar-ne l&#8217;exactitud.<\/li>\n<li>Quan el tractament sigui il\u00b7l\u00edcit i la persona interessada s&#8217;oposi a la supressi\u00f3 de les dades.<\/li>\n<li>Quan l&#8217;empresa ja no necessiti les dades per a les finalitats per a les quals van ser recollides, per\u00f2 l&#8217;interessat les necessiti per a la formulaci\u00f3, l&#8217;exercici o la defensa de reclamacions.<\/li>\n<li>Quan linteressat shagi oposat al tractament mentre es verifica si els motius leg\u00edtims de lempresa prevalen sobre els de linteressat.<\/li>\n<\/ul>\n<\/li>\n<li>Dret a la portabilitat: dret a obtenir les dades en un format estructurat, d&#8217;\u00fas com\u00fa i de lectura mec\u00e0nica, ia transmetre&#8217;ls a un altre responsable del tractament quan:\n<ul>\n<li>El tractament estigui basat en el consentiment.<\/li>\n<li>El tractament es fa per mitjans automatitzats.<\/li>\n<\/ul>\n<\/li>\n<li>Dret a presentar una reclamaci\u00f3 davant de l&#8217;autoritat de control competent.<\/li>\n<\/ul>\n<p>Els interessats podran exercitar els drets indicats, adre\u00e7ant-se a TADE AC, mitjan\u00e7ant escrit, tram\u00e8s a la seg\u00fcent adre\u00e7a: tade-ac@tade-ac.com indicant a la l\u00ednia d&#8217;Afers el dret que desitja exercitar.<\/p>\n<p>En aquest sentit TADE AC atendr\u00e0 la seva sol\u00b7licitud com m\u00e9s aviat millor i tenint en compte els terminis previstos a la normativa en mat\u00e8ria de protecci\u00f3 de dades.<\/p>\n<p><strong>Seguretat<\/strong><\/p>\n<p>Les mesures de seguretat adoptades per TADE AC s\u00f3n les requerides, de conformitat amb el que estableix l&#8217;article 32 del RGPD. En aquest sentit, TADE AC, tenint en compte l&#8217;estat de la t\u00e8cnica, els costos d&#8217;aplicaci\u00f3 i la naturalesa, l&#8217;abast, el context i les finalitats del tractament, aix\u00ed com els riscos de probabilitat i gravetat variables per als drets i les llibertats de les persones f\u00edsiques, t\u00e9 establertes les mesures t\u00e8cniques i organitzatives apropiades per garantir el nivell de seguretat adequat al risc existent.<\/p>\n<p>En tot cas, TADE AC t\u00e9 implementats els mecanismes suficients per a:<\/p>\n<ol type=\"a\">\n<li>Garantir la confidencialitat, integritat, disponibilitat i resili\u00e8ncia permanents dels sistemes i serveis de tractament.<\/li>\n<li>Restaurar la disponibilitat i l&#8217;acc\u00e9s a les dades personals de manera r\u00e0pida, en cas d&#8217;incident f\u00edsic o t\u00e8cnic.<\/li>\n<li>Verificar, avaluar i valorar, de manera regular, l&#8217;efic\u00e0cia de les mesures t\u00e8cniques i organitzatives implantades per garantir la seguretat del tractament.<\/li>\n<\/ol>\n","protected":false},"excerpt":{"rendered":"<p>Introducci\u00f3 Aquesta Pol\u00edtica de Privadesa ha estat desenvolupada tenint en compte el que disposa la Llei Org\u00e0nica de Protecci\u00f3 de Dades de car\u00e0cter personal en vigor, aix\u00ed com pel Reglament 2016\/679 del Parlament Europeu i del consell del 27 d&#8217;abril de 2016 relatiu a la protecci\u00f3 de les persones f\u00edsiques pel que fa al tractament [&hellip;]<\/p>\n","protected":false},"author":1,"featured_media":0,"parent":0,"menu_order":0,"comment_status":"closed","ping_status":"open","template":"","meta":{"footnotes":""},"class_list":["post-1111","page","type-page","status-publish","hentry"],"yoast_head":"<!-- This site is optimized with the Yoast SEO plugin v20.8 - https:\/\/yoast.com\/wordpress\/plugins\/seo\/ -->\n<title>Pol\u00edtica de Privacitat<\/title>\n<meta name=\"robots\" content=\"noindex, nofollow\" \/>\n<meta property=\"og:locale\" content=\"ca_ES\" \/>\n<meta property=\"og:type\" content=\"article\" \/>\n<meta property=\"og:title\" content=\"Pol\u00edtica de Privacitat\" \/>\n<meta property=\"og:description\" content=\"Introducci\u00f3 Aquesta Pol\u00edtica de Privadesa ha estat desenvolupada tenint en compte el que disposa la Llei Org\u00e0nica de Protecci\u00f3 de Dades de car\u00e0cter personal en vigor, aix\u00ed com pel Reglament 2016\/679 del Parlament Europeu i del consell del 27 d&#8217;abril de 2016 relatiu a la protecci\u00f3 de les persones f\u00edsiques pel que fa al tractament [&hellip;]\" \/>\n<meta property=\"og:url\" content=\"https:\/\/tade-ac.com\/ca\/politica-privacitat\/\" \/>\n<meta property=\"og:site_name\" content=\"Tade-AC\" \/>\n<meta property=\"article:modified_time\" content=\"2023-05-11T09:04:58+00:00\" \/>\n<meta property=\"og:image\" content=\"https:\/\/tade-ac.com\/wp-content\/uploads\/2023\/05\/FV-slider_comp.webp\" \/>\n\t<meta property=\"og:image:width\" content=\"1903\" \/>\n\t<meta property=\"og:image:height\" content=\"550\" \/>\n\t<meta property=\"og:image:type\" content=\"image\/webp\" \/>\n<meta name=\"twitter:card\" content=\"summary_large_image\" \/>\n<meta name=\"twitter:label1\" content=\"Temps estimat de lectura\" \/>\n\t<meta name=\"twitter:data1\" content=\"8 minuts\" \/>\n<script type=\"application\/ld+json\" class=\"yoast-schema-graph\">{\"@context\":\"https:\/\/schema.org\",\"@graph\":[{\"@type\":\"WebPage\",\"@id\":\"https:\/\/tade-ac.com\/ca\/politica-privacitat\/\",\"url\":\"https:\/\/tade-ac.com\/ca\/politica-privacitat\/\",\"name\":\"Pol\u00edtica de Privacitat\",\"isPartOf\":{\"@id\":\"https:\/\/tade-ac.com\/#website\"},\"datePublished\":\"2022-11-18T07:45:10+00:00\",\"dateModified\":\"2023-05-11T09:04:58+00:00\",\"breadcrumb\":{\"@id\":\"https:\/\/tade-ac.com\/ca\/politica-privacitat\/#breadcrumb\"},\"inLanguage\":\"ca\",\"potentialAction\":[{\"@type\":\"ReadAction\",\"target\":[\"https:\/\/tade-ac.com\/ca\/politica-privacitat\/\"]}]},{\"@type\":\"BreadcrumbList\",\"@id\":\"https:\/\/tade-ac.com\/ca\/politica-privacitat\/#breadcrumb\",\"itemListElement\":[{\"@type\":\"ListItem\",\"position\":1,\"name\":\"Portada\",\"item\":\"https:\/\/tade-ac.com\/ca\/\"},{\"@type\":\"ListItem\",\"position\":2,\"name\":\"Pol\u00edtica de Privacitat\"}]},{\"@type\":\"WebSite\",\"@id\":\"https:\/\/tade-ac.com\/#website\",\"url\":\"https:\/\/tade-ac.com\/\",\"name\":\"Tade-AC\",\"description\":\"Especialistas con 20 a\u00f1os de experiencia en ingenier\u00eda y soluciones integrales\",\"publisher\":{\"@id\":\"https:\/\/tade-ac.com\/#organization\"},\"alternateName\":\"Tade ac Ingenieros\",\"potentialAction\":[{\"@type\":\"SearchAction\",\"target\":{\"@type\":\"EntryPoint\",\"urlTemplate\":\"https:\/\/tade-ac.com\/?s={search_term_string}\"},\"query-input\":\"required name=search_term_string\"}],\"inLanguage\":\"ca\"},{\"@type\":\"Organization\",\"@id\":\"https:\/\/tade-ac.com\/#organization\",\"name\":\"TADE AC\",\"alternateName\":\"TADE AC ingenier\u00eda\",\"url\":\"https:\/\/tade-ac.com\/\",\"logo\":{\"@type\":\"ImageObject\",\"inLanguage\":\"ca\",\"@id\":\"https:\/\/tade-ac.com\/#\/schema\/logo\/image\/\",\"url\":\"https:\/\/tade-ac.com\/wp-content\/uploads\/2022\/11\/logo-tade-ac.png\",\"contentUrl\":\"https:\/\/tade-ac.com\/wp-content\/uploads\/2022\/11\/logo-tade-ac.png\",\"width\":179,\"height\":117,\"caption\":\"TADE AC\"},\"image\":{\"@id\":\"https:\/\/tade-ac.com\/#\/schema\/logo\/image\/\"}}]}<\/script>\n<!-- \/ Yoast SEO plugin. -->","yoast_head_json":{"title":"Pol\u00edtica de Privacitat","robots":{"index":"noindex","follow":"nofollow"},"og_locale":"ca_ES","og_type":"article","og_title":"Pol\u00edtica de Privacitat","og_description":"Introducci\u00f3 Aquesta Pol\u00edtica de Privadesa ha estat desenvolupada tenint en compte el que disposa la Llei Org\u00e0nica de Protecci\u00f3 de Dades de car\u00e0cter personal en vigor, aix\u00ed com pel Reglament 2016\/679 del Parlament Europeu i del consell del 27 d&#8217;abril de 2016 relatiu a la protecci\u00f3 de les persones f\u00edsiques pel que fa al tractament [&hellip;]","og_url":"https:\/\/tade-ac.com\/ca\/politica-privacitat\/","og_site_name":"Tade-AC","article_modified_time":"2023-05-11T09:04:58+00:00","og_image":[{"width":1903,"height":550,"url":"https:\/\/tade-ac.com\/wp-content\/uploads\/2023\/05\/FV-slider_comp.webp","type":"image\/webp"}],"twitter_card":"summary_large_image","twitter_misc":{"Temps estimat de lectura":"8 minuts"},"schema":{"@context":"https:\/\/schema.org","@graph":[{"@type":"WebPage","@id":"https:\/\/tade-ac.com\/ca\/politica-privacitat\/","url":"https:\/\/tade-ac.com\/ca\/politica-privacitat\/","name":"Pol\u00edtica de Privacitat","isPartOf":{"@id":"https:\/\/tade-ac.com\/#website"},"datePublished":"2022-11-18T07:45:10+00:00","dateModified":"2023-05-11T09:04:58+00:00","breadcrumb":{"@id":"https:\/\/tade-ac.com\/ca\/politica-privacitat\/#breadcrumb"},"inLanguage":"ca","potentialAction":[{"@type":"ReadAction","target":["https:\/\/tade-ac.com\/ca\/politica-privacitat\/"]}]},{"@type":"BreadcrumbList","@id":"https:\/\/tade-ac.com\/ca\/politica-privacitat\/#breadcrumb","itemListElement":[{"@type":"ListItem","position":1,"name":"Portada","item":"https:\/\/tade-ac.com\/ca\/"},{"@type":"ListItem","position":2,"name":"Pol\u00edtica de Privacitat"}]},{"@type":"WebSite","@id":"https:\/\/tade-ac.com\/#website","url":"https:\/\/tade-ac.com\/","name":"Tade-AC","description":"Especialistas con 20 a\u00f1os de experiencia en ingenier\u00eda y soluciones integrales","publisher":{"@id":"https:\/\/tade-ac.com\/#organization"},"alternateName":"Tade ac Ingenieros","potentialAction":[{"@type":"SearchAction","target":{"@type":"EntryPoint","urlTemplate":"https:\/\/tade-ac.com\/?s={search_term_string}"},"query-input":"required name=search_term_string"}],"inLanguage":"ca"},{"@type":"Organization","@id":"https:\/\/tade-ac.com\/#organization","name":"TADE AC","alternateName":"TADE AC ingenier\u00eda","url":"https:\/\/tade-ac.com\/","logo":{"@type":"ImageObject","inLanguage":"ca","@id":"https:\/\/tade-ac.com\/#\/schema\/logo\/image\/","url":"https:\/\/tade-ac.com\/wp-content\/uploads\/2022\/11\/logo-tade-ac.png","contentUrl":"https:\/\/tade-ac.com\/wp-content\/uploads\/2022\/11\/logo-tade-ac.png","width":179,"height":117,"caption":"TADE AC"},"image":{"@id":"https:\/\/tade-ac.com\/#\/schema\/logo\/image\/"}}]}},"_links":{"self":[{"href":"https:\/\/tade-ac.com\/ca\/wp-json\/wp\/v2\/pages\/1111","targetHints":{"allow":["GET"]}}],"collection":[{"href":"https:\/\/tade-ac.com\/ca\/wp-json\/wp\/v2\/pages"}],"about":[{"href":"https:\/\/tade-ac.com\/ca\/wp-json\/wp\/v2\/types\/page"}],"author":[{"embeddable":true,"href":"https:\/\/tade-ac.com\/ca\/wp-json\/wp\/v2\/users\/1"}],"replies":[{"embeddable":true,"href":"https:\/\/tade-ac.com\/ca\/wp-json\/wp\/v2\/comments?post=1111"}],"version-history":[{"count":2,"href":"https:\/\/tade-ac.com\/ca\/wp-json\/wp\/v2\/pages\/1111\/revisions"}],"predecessor-version":[{"id":1124,"href":"https:\/\/tade-ac.com\/ca\/wp-json\/wp\/v2\/pages\/1111\/revisions\/1124"}],"wp:attachment":[{"href":"https:\/\/tade-ac.com\/ca\/wp-json\/wp\/v2\/media?parent=1111"}],"curies":[{"name":"wp","href":"https:\/\/api.w.org\/{rel}","templated":true}]}}